{"id":54,"date":"2023-07-19T18:00:00","date_gmt":"2023-07-19T18:00:00","guid":{"rendered":"https:\/\/ultra-boys.org\/?page_id=54"},"modified":"2024-06-25T12:52:35","modified_gmt":"2024-06-25T12:52:35","slug":"home","status":"publish","type":"page","link":"https:\/\/ultra-boys.org\/aktuelles\/home\/","title":{"rendered":"Aktuelles"},"content":{"rendered":"\n<div class=\"wp-block-columns is-layout-flex wp-container-core-columns-is-layout-9d6595d7 wp-block-columns-is-layout-flex\">\n<div class=\"wp-block-column is-layout-flow wp-block-column-is-layout-flow\" style=\"flex-basis:33.33%\">\n<figure class=\"wp-block-image size-large\"><img loading=\"lazy\" decoding=\"async\" width=\"1024\" height=\"724\" src=\"https:\/\/ultra-boys.org\/wp-content\/uploads\/2024\/06\/IMG_9620-1-1024x724.jpg\" alt=\"\" class=\"wp-image-257\" srcset=\"https:\/\/ultra-boys.org\/wp-content\/uploads\/2024\/06\/IMG_9620-1-1024x724.jpg 1024w, https:\/\/ultra-boys.org\/wp-content\/uploads\/2024\/06\/IMG_9620-1-300x212.jpg 300w, https:\/\/ultra-boys.org\/wp-content\/uploads\/2024\/06\/IMG_9620-1-768x543.jpg 768w, https:\/\/ultra-boys.org\/wp-content\/uploads\/2024\/06\/IMG_9620-1-1536x1085.jpg 1536w, https:\/\/ultra-boys.org\/wp-content\/uploads\/2024\/06\/IMG_9620-1-2048x1447.jpg 2048w, https:\/\/ultra-boys.org\/wp-content\/uploads\/2024\/06\/IMG_9620-1-1200x848.jpg 1200w\" sizes=\"auto, (max-width: 709px) 85vw, (max-width: 909px) 67vw, (max-width: 1362px) 62vw, 840px\" \/><\/figure>\n<\/div>\n\n\n\n<div class=\"wp-block-column is-layout-flow wp-block-column-is-layout-flow\" style=\"flex-basis:66.66%\">\n<h2 class=\"wp-block-heading\">Bring them Home. Ausstellung &amp; Gespr\u00e4che<\/h2>\n\n\n\n<p>Bremen Kukoon im Park &#8211; 10.08.24 &#8211; 15 Uhr<\/p>\n\n\n\n<p>Weiterlesen!<\/p>\n<\/div>\n<\/div>\n\n\n\n<div class=\"wp-block-columns is-layout-flex wp-container-core-columns-is-layout-9d6595d7 wp-block-columns-is-layout-flex\">\n<div class=\"wp-block-column is-layout-flow wp-block-column-is-layout-flow\" style=\"flex-basis:33.33%\">\n<figure class=\"wp-block-image size-large\"><img loading=\"lazy\" decoding=\"async\" width=\"1024\" height=\"1009\" src=\"https:\/\/ultra-boys.org\/wp-content\/uploads\/2024\/02\/signal-2024-02-26-094236_002-1-1024x1009.jpeg\" alt=\"\" class=\"wp-image-234\" srcset=\"https:\/\/ultra-boys.org\/wp-content\/uploads\/2024\/02\/signal-2024-02-26-094236_002-1-1024x1009.jpeg 1024w, https:\/\/ultra-boys.org\/wp-content\/uploads\/2024\/02\/signal-2024-02-26-094236_002-1-300x296.jpeg 300w, https:\/\/ultra-boys.org\/wp-content\/uploads\/2024\/02\/signal-2024-02-26-094236_002-1-768x757.jpeg 768w, https:\/\/ultra-boys.org\/wp-content\/uploads\/2024\/02\/signal-2024-02-26-094236_002-1-304x300.jpeg 304w, https:\/\/ultra-boys.org\/wp-content\/uploads\/2024\/02\/signal-2024-02-26-094236_002-1.jpeg 1125w\" sizes=\"auto, (max-width: 709px) 85vw, (max-width: 909px) 67vw, (max-width: 1362px) 62vw, 840px\" \/><\/figure>\n<\/div>\n\n\n\n<div class=\"wp-block-column is-layout-flow wp-block-column-is-layout-flow\" style=\"flex-basis:66.66%\">\n<h1 class=\"wp-block-heading\">Kundgebung 150 Tage 7. Oktober<\/h1>\n\n\n\n<p>Bremen Goetheplatz | 04.03.24 | 18:30 Uhr Zurzeit werden noch \u00fcber 130 Geiseln, die am 7. Oktober aus Israel verschleppt wurden, im Gazastreifen festgehalten. <\/p>\n\n\n\n<p><a href=\"https:\/\/ultra-boys.org\/kundgebung-150-tage-7-oktober\/\" data-type=\"post\" data-id=\"232\">Weiterlesen!<\/a><\/p>\n<\/div>\n<\/div>\n\n\n\n<hr class=\"wp-block-separator has-alpha-channel-opacity\"\/>\n\n\n\n<div class=\"wp-block-columns is-layout-flex wp-container-core-columns-is-layout-9d6595d7 wp-block-columns-is-layout-flex\">\n<div class=\"wp-block-column is-layout-flow wp-block-column-is-layout-flow\" style=\"flex-basis:33.33%\">\n<figure class=\"wp-block-image size-large\"><img loading=\"lazy\" decoding=\"async\" width=\"724\" height=\"1024\" src=\"https:\/\/ultra-boys.org\/wp-content\/uploads\/2023\/10\/Sonderzug_Stuttgart-1-724x1024.jpg\" alt=\"\" class=\"wp-image-127\" srcset=\"https:\/\/ultra-boys.org\/wp-content\/uploads\/2023\/10\/Sonderzug_Stuttgart-1-724x1024.jpg 724w, https:\/\/ultra-boys.org\/wp-content\/uploads\/2023\/10\/Sonderzug_Stuttgart-1-212x300.jpg 212w, https:\/\/ultra-boys.org\/wp-content\/uploads\/2023\/10\/Sonderzug_Stuttgart-1-768x1086.jpg 768w, https:\/\/ultra-boys.org\/wp-content\/uploads\/2023\/10\/Sonderzug_Stuttgart-1.jpg 794w\" sizes=\"auto, (max-width: 724px) 85vw, 724px\" \/><\/figure>\n<\/div>\n\n\n\n<div class=\"wp-block-column is-layout-flow wp-block-column-is-layout-flow\" style=\"flex-basis:66.66%\">\n<h2 class=\"wp-block-heading\" id=\"block-f3995d46-8554-4122-803e-e294055469a2\">Sonderzug nach Stuttgart<\/h2>\n\n\n\n<h1 class=\"wp-block-heading\">Moin Gr\u00fcn-Wei\u00dfe,<\/h1>\n\n\n\n<p>damit die Sonderzugfahrt am Samstag gut \u00fcber die B\u00fchne l\u00e4uft, kommen hier noch ein paar Infos f\u00fcr euch:<\/p>\n\n\n\n<p><a href=\"https:\/\/ultra-boys.org\/moin-gruen-weisse\/\" data-type=\"post\" data-id=\"175\">Weiterlesen!<\/a><\/p>\n<\/div>\n<\/div>\n\n\n\n<hr class=\"wp-block-separator has-alpha-channel-opacity\"\/>\n\n\n\n<p><style>\/*! elementor - v3.15.0 - 09-08-2023 *\/&amp;lt;br \/> .elementor-heading-title{padding:0;margin:0;line-height:1}.elementor-widget-heading .elementor-heading-title[class*=elementor-size-]>a{color:inherit;font-size:inherit;line-height:inherit}.elementor-widget-heading .elementor-heading-title.elementor-size-small{font-size:15px}.elementor-widget-heading .elementor-heading-title.elementor-size-medium{font-size:19px}.elementor-widget-heading .elementor-heading-title.elementor-size-large{font-size:29px}.elementor-widget-heading .elementor-heading-title.elementor-size-xl{font-size:39px}.elementor-widget-heading .elementor-heading-title.elementor-size-xxl{font-size:59px}<\/style><\/p>\n\n\n\n<div class=\"wp-block-columns is-layout-flex wp-container-core-columns-is-layout-9d6595d7 wp-block-columns-is-layout-flex\">\n<div class=\"wp-block-column is-layout-flow wp-block-column-is-layout-flow\" style=\"flex-basis:33.33%\">\n<figure class=\"wp-block-image size-large\"><img loading=\"lazy\" decoding=\"async\" width=\"724\" height=\"1024\" src=\"https:\/\/ultra-boys.org\/wp-content\/uploads\/2023\/10\/Sonderzug_Stuttgart-1-724x1024.jpg\" alt=\"\" class=\"wp-image-127\" srcset=\"https:\/\/ultra-boys.org\/wp-content\/uploads\/2023\/10\/Sonderzug_Stuttgart-1-724x1024.jpg 724w, https:\/\/ultra-boys.org\/wp-content\/uploads\/2023\/10\/Sonderzug_Stuttgart-1-212x300.jpg 212w, https:\/\/ultra-boys.org\/wp-content\/uploads\/2023\/10\/Sonderzug_Stuttgart-1-768x1086.jpg 768w, https:\/\/ultra-boys.org\/wp-content\/uploads\/2023\/10\/Sonderzug_Stuttgart-1.jpg 794w\" sizes=\"auto, (max-width: 724px) 85vw, 724px\" \/><\/figure>\n<\/div>\n\n\n\n<div class=\"wp-block-column is-layout-flow wp-block-column-is-layout-flow\" style=\"flex-basis:66.66%\">\n<h2 class=\"wp-block-heading\">Sonderzug nach Stuttgart<\/h2>\n\n\n\n<p>Moin Werderfans,<br><br>zum Ausw\u00e4rtsspiel in Stuttgart am 02.12.2023 wird es einen Sonderzug geben.<br>Hierf\u00fcr k\u00f6nnt ihr ab dem kommenden Heimspiel gegen Union Berlin am Sonderzugstand (zwischen dem IY &amp; GWH Stand vor\u2019m OKS) Tickets erwerben.<\/p>\n\n\n\n<p><a href=\"https:\/\/ultra-boys.org\/sonderzug-nach-stuttgart\/\" data-type=\"link\" data-id=\"https:\/\/ultra-boys.org\/sonderzug-nach-stuttgart\/\">Weiterlesen!<\/a><\/p>\n<\/div>\n<\/div>\n\n\n\n<hr class=\"wp-block-separator has-alpha-channel-opacity\"\/>\n\n\n\n<div class=\"wp-block-columns is-layout-flex wp-container-core-columns-is-layout-9d6595d7 wp-block-columns-is-layout-flex\">\n<div class=\"wp-block-column is-layout-flow wp-block-column-is-layout-flow\" style=\"flex-basis:33.33%\">\n<div class=\"gfm-embed\" data-url=\"https:\/\/www.gofundme.com\/f\/solidaritat-mit-unseren-freundinnen-in-israel\/widget\/medium\"><\/div>\n            <script defer src=\"https:\/\/www.gofundme.com\/static\/js\/embed.js\"><\/script>\n<\/div>\n\n\n\n<div class=\"wp-block-column is-layout-flow wp-block-column-is-layout-flow\" style=\"flex-basis:66.66%\">\n<h2 class=\"wp-block-heading\">Solidarit\u00e4t mit unseren Freund:innen in Israel!<\/h2>\n\n\n\n<p>Hallo Werderfans, Ultras und alle weiteren Interessierten,<\/p>\n\n\n\n<p>wir sind ein Zusammenschluss aus der Fanszene von Werder Bremen und m\u00f6chten uns mit folgendem Anliegen an euch wenden:<\/p>\n\n\n\n<p><a href=\"https:\/\/ultra-boys.org\/solidaritaet-mit-unseren-freundinnen-in-israel\/\" data-type=\"link\" data-id=\"https:\/\/ultra-boys.org\/solidaritaet-mit-unseren-freundinnen-in-israel\/\">Weiterlesen!<\/a><\/p>\n<\/div>\n<\/div>\n\n\n\n<div class=\"wp-block-columns is-layout-flex wp-container-core-columns-is-layout-9d6595d7 wp-block-columns-is-layout-flex\"><\/div>\n","protected":false},"excerpt":{"rendered":"<p>Bremen Kukoon im Park &#8211; 10.08.2024 &#8211; 15h<\/p>\n","protected":false},"author":1,"featured_media":254,"parent":0,"menu_order":0,"comment_status":"closed","ping_status":"closed","template":"","meta":{"footnotes":""},"class_list":["post-54","page","type-page","status-publish","has-post-thumbnail","hentry"],"_links":{"self":[{"href":"https:\/\/ultra-boys.org\/aktuelles\/wp-json\/wp\/v2\/pages\/54","targetHints":{"allow":["GET"]}}],"collection":[{"href":"https:\/\/ultra-boys.org\/aktuelles\/wp-json\/wp\/v2\/pages"}],"about":[{"href":"https:\/\/ultra-boys.org\/aktuelles\/wp-json\/wp\/v2\/types\/page"}],"author":[{"embeddable":true,"href":"https:\/\/ultra-boys.org\/aktuelles\/wp-json\/wp\/v2\/users\/1"}],"replies":[{"embeddable":true,"href":"https:\/\/ultra-boys.org\/aktuelles\/wp-json\/wp\/v2\/comments?post=54"}],"version-history":[{"count":30,"href":"https:\/\/ultra-boys.org\/aktuelles\/wp-json\/wp\/v2\/pages\/54\/revisions"}],"predecessor-version":[{"id":258,"href":"https:\/\/ultra-boys.org\/aktuelles\/wp-json\/wp\/v2\/pages\/54\/revisions\/258"}],"wp:featuredmedia":[{"embeddable":true,"href":"https:\/\/ultra-boys.org\/aktuelles\/wp-json\/wp\/v2\/media\/254"}],"wp:attachment":[{"href":"https:\/\/ultra-boys.org\/aktuelles\/wp-json\/wp\/v2\/media?parent=54"}],"curies":[{"name":"wp","href":"https:\/\/api.w.org\/{rel}","templated":true}]}}